{"id":3332,"date":"2022-09-21T11:36:49","date_gmt":"2022-09-21T09:36:49","guid":{"rendered":"https:\/\/www.dentalzentrum-essen.de\/de\/?page_id=3332"},"modified":"2024-08-01T11:42:59","modified_gmt":"2024-08-01T09:42:59","slug":"maximilian-wollenberg","status":"publish","type":"page","link":"https:\/\/www.dentalzentrum-essen.de\/de\/team\/maximilian-wollenberg\/","title":{"rendered":"Dr. Maximilian Wollenberg"},"content":{"rendered":"<h3>Vita<\/h3>\n<dl class=\"vita\">\n<dt>2009\u20132015<\/dt>\n<dd>Studium der Zahnmedizin an der Westf\u00e4lischen-Wilhelms-Universit\u00e4t in M\u00fcnster<\/dd>\n<dt>2016-2018<\/dt>\n<dd>Assistenzzahnarzt in \u00fcberregionaler Praxis in Marl mit T\u00e4tigkeitsschwerpunkt Implantologie, Prothetik, Funktionstherapie, zahn\u00e4rztliche Schlafmedizin, Parodontologie, mikroskopische Endodontie<\/dd>\n<dt>2018<\/dt>\n<dd>Fachkunde dentale digitale Volumentomographie (DVT)<\/dd>\n<dt>2019\u20132022<\/dt>\n<dd>angestellter Zahnarzt in Marl, Herne und Dortmund<\/dd>\n<dt>2019<\/dt>\n<dd>Zertifizierung f\u00fcr dentale Sedierung mit Lachgas und oralen Sedativa<\/dd>\n<dt>2019\u20132024<\/dt>\n<dd>Master of Science Zahnmedizinische Prothetik, Universit\u00e4t Greifswald<\/dd>\n<dt>2020<\/dt>\n<dd>Curriculum Zahn\u00e4rztliche Schlafmedizin der DGZS<\/dd>\n<dt>2020<\/dt>\n<dd>BuB-Kurs Diagnostik und Therapie schlafbezogener Atmungsst\u00f6rungen<\/dd>\n<dt>2021<\/dt>\n<dd>Curriculum Endodontie der DGET<\/dd>\n<dt>2021<\/dt>\n<dd>Zertifizierung f\u00fcr iV. Sedierungen<\/dd>\n<dt>Seit 2022<\/dt>\n<dd>angestellter Zahnarzt im Dentalzentrum Essen, T\u00e4tigkeitsschwerpunkt Endodontie<\/dd>\n<dt>2022<\/dt>\n<dd>Promotion an der Universit\u00e4t M\u00fcnster, Poliklinik f\u00fcr Prothetische Zahnmedizin und Biomaterialien<\/dd>\n<dt>Seit 2022<\/dt>\n<dd>Zertifiziertes Mitglied der Deutschen Gesellschaft f\u00fcr Endodontologie und Traumatologie e.V.<\/dd>\n<dt>Seit 2024<\/dt>\n<dd>Postgraduierten-Programm &#8222;Master of Science Endodontologie&#8220; der D\u00fcsseldorfer Dental Academy<\/dd>\n<\/dl>\n","protected":false},"excerpt":{"rendered":"<p>Vita 2009\u20132015 Studium der Zahnmedizin an der Westf\u00e4lischen-Wilhelms-Universit\u00e4t in M\u00fcnster 2016-2018 Assistenzzahnarzt in \u00fcberregionaler Praxis in Marl mit T\u00e4tigkeitsschwerpunkt Implantologie, Prothetik, Funktionstherapie, zahn\u00e4rztliche Schlafmedizin, Parodontologie, mikroskopische Endodontie 2018 Fachkunde dentale digitale Volumentomographie (DVT) 2019\u20132022 angestellter Zahnarzt in Marl, Herne und Dortmund 2019 Zertifizierung f\u00fcr dentale Sedierung mit Lachgas und oralen Sedativa 2019\u20132024 Master of Science [&hellip;]<\/p>\n","protected":false},"author":11,"featured_media":0,"parent":41,"menu_order":0,"comment_status":"closed","ping_status":"closed","template":"","meta":[],"_links":{"self":[{"href":"https:\/\/www.dentalzentrum-essen.de\/de\/wp-json\/wp\/v2\/pages\/3332"}],"collection":[{"href":"https:\/\/www.dentalzentrum-essen.de\/de\/wp-json\/wp\/v2\/pages"}],"about":[{"href":"https:\/\/www.dentalzentrum-essen.de\/de\/wp-json\/wp\/v2\/types\/page"}],"author":[{"embeddable":true,"href":"https:\/\/www.dentalzentrum-essen.de\/de\/wp-json\/wp\/v2\/users\/11"}],"replies":[{"embeddable":true,"href":"https:\/\/www.dentalzentrum-essen.de\/de\/wp-json\/wp\/v2\/comments?post=3332"}],"version-history":[{"count":8,"href":"https:\/\/www.dentalzentrum-essen.de\/de\/wp-json\/wp\/v2\/pages\/3332\/revisions"}],"predecessor-version":[{"id":3336,"href":"https:\/\/www.dentalzentrum-essen.de\/de\/wp-json\/wp\/v2\/pages\/3332\/revisions\/3336"}],"up":[{"embeddable":true,"href":"https:\/\/www.dentalzentrum-essen.de\/de\/wp-json\/wp\/v2\/pages\/41"}],"wp:attachment":[{"href":"https:\/\/www.dentalzentrum-essen.de\/de\/wp-json\/wp\/v2\/media?parent=3332"}],"curies":[{"name":"wp","href":"https:\/\/api.w.org\/{rel}","templated":true}]}}